{"id":18297,"date":"2026-03-10T21:24:38","date_gmt":"2026-03-10T21:24:38","guid":{"rendered":"https:\/\/misviajes.rosaguijarro.com\/?page_id=18297"},"modified":"2026-03-12T22:25:04","modified_gmt":"2026-03-12T22:25:04","slug":"murcia-historia-y-flores-febrero-2026","status":"publish","type":"page","link":"https:\/\/misviajes.rosaguijarro.com\/index.php\/murcia-historia-y-flores-febrero-2026\/","title":{"rendered":"Murcia: Historia y flores (febrero 2026)"},"content":{"rendered":"\n<p><br><br>Llega febrero y nos entran ganas de salir de viaje, pero llevamos semanas de lluvia. Nos sentimos como el loro del chiste, s\u00ed, ese que pregunta c\u00f3mo saber si un loro es macho o hembra. El destino pensado para la excursi\u00f3n de este febrero era Badajoz, pero el tren de borrascas que hemos sufrido nos hace cambiar de planes. As\u00ed que recuperamos la ruta por Murcia que hab\u00eda preparado el a\u00f1o pasado y que cancelamos por un aviso de DANA. Decidido: campos en flor y mucha Historia ser\u00e1n los protagonistas de este viaje.<\/p>\n\n\n\n<p><strong>16 febrero<\/strong><\/p>\n\n\n\n<p>Empezamos la ruta y nos quedamos a dormir en el c\u00e1mping de B\u00e9tera, pero esta vez tuve que reservar ayer porque v\u00ed que se llena cada d\u00eda. Cuando llegamos comprobamos que hay muchos extranjeros y por c\u00f3mo se han instalado entendemos que pasan muchos d\u00edas en \u00e9l. <\/p>\n\n\n\n<p><strong>&nbsp;17 de febrero<\/strong><\/p>\n\n\n\n<p>Seguimos la ruta y nos dirigimos a Yecla para visitar el Museo Arqueol\u00f3gico Municipal \u00abCayetano de Mergelina\u00bb. <\/p>\n\n\n<div class=\"wp-block-image\">\n<figure class=\"aligncenter size-full\"><img fetchpriority=\"high\" decoding=\"async\" width=\"900\" height=\"600\" src=\"https:\/\/misviajes.rosaguijarro.com\/wp-content\/uploads\/2026\/03\/yecla-00.jpg\" alt=\"\" class=\"wp-image-18310\" srcset=\"https:\/\/misviajes.rosaguijarro.com\/wp-content\/uploads\/2026\/03\/yecla-00.jpg 900w, https:\/\/misviajes.rosaguijarro.com\/wp-content\/uploads\/2026\/03\/yecla-00-300x200.jpg 300w, https:\/\/misviajes.rosaguijarro.com\/wp-content\/uploads\/2026\/03\/yecla-00-768x512.jpg 768w\" sizes=\"(max-width: 900px) 100vw, 900px\" \/><\/figure>\n<\/div>\n\n\n<p><\/p>\n\n\n\n<p>En Yecla hay 25 yacimientos arqueol\u00f3gicos prehist\u00f3ricos, 5 de cultura ib\u00e9rica, 9 romanos y 5 medievales. Lo que permite que el museo tenga cuatro secciones: Prehistoria, Cultura Ib\u00e9rica, Romanizaci\u00f3n y Edad Media. De hecho, estos son los per\u00edodos que nos interesan en este recorrido.<\/p>\n\n\n\n<p>Quiz\u00e1s la obra m\u00e1s importante sea&nbsp;<em>La Rosa de los Vientos<\/em>, un petroglifo en forma de gran estela que representa una estrella de seis puntas, interpretada como el sol en su cenit. Bajo ella aparece una figura antropomorfa. Ambas representaciones se vinculan mediante unas l\u00edneas que se han interpretado como parte de rituales propiciatorios de la lluvia. Procede del yacimiento de Las Tobarrillas y se data en el II milenio a.C. (Edad del Bronce).<\/p>\n\n\n<div class=\"wp-block-image\">\n<figure class=\"aligncenter size-full\"><img decoding=\"async\" width=\"455\" height=\"700\" src=\"https:\/\/misviajes.rosaguijarro.com\/wp-content\/uploads\/2026\/03\/yecla-01-1.jpg\" alt=\"\" class=\"wp-image-18312\" srcset=\"https:\/\/misviajes.rosaguijarro.com\/wp-content\/uploads\/2026\/03\/yecla-01-1.jpg 455w, https:\/\/misviajes.rosaguijarro.com\/wp-content\/uploads\/2026\/03\/yecla-01-1-195x300.jpg 195w\" sizes=\"(max-width: 455px) 100vw, 455px\" \/><\/figure>\n<\/div>\n\n\n<p><a href=\"http:\/\/museoarqueologicodeyecla.org\/edad-media\/\"><\/a><a href=\"http:\/\/museoarqueologicodeyecla.org\/edad-media\/\"><\/a><\/p>\n\n\n\n<p>En las salas dedicadas a la Cultura Ib\u00e9rica destacan los exvotos del Santuario del Cerro de los Santos, uno de los centros de culto ib\u00e9rico m\u00e1s importantes del Sureste y el Levante peninsular. El templo, datado entre los siglos V y II a.C, estaba dedicado a una divinidad que podr\u00eda ser una diosa de la agricultura. En \u00e9l se hallaron numerosos exvotos que se encuentran repartidos por muchos museos. En el Museo Arqueol\u00f3gico de Madrid podemos admirar muchos de ellos, entre los cuales la <em>Dama oferente<\/em>, de la cual vemos una copia aqu\u00ed.<\/p>\n\n\n\n<p><\/p>\n\n\n<div class=\"wp-block-image\">\n<figure class=\"aligncenter size-full\"><img decoding=\"async\" width=\"358\" height=\"700\" src=\"https:\/\/misviajes.rosaguijarro.com\/wp-content\/uploads\/2026\/03\/yecla-05.jpg\" alt=\"\" class=\"wp-image-18314\" srcset=\"https:\/\/misviajes.rosaguijarro.com\/wp-content\/uploads\/2026\/03\/yecla-05.jpg 358w, https:\/\/misviajes.rosaguijarro.com\/wp-content\/uploads\/2026\/03\/yecla-05-153x300.jpg 153w\" sizes=\"(max-width: 358px) 100vw, 358px\" \/><\/figure>\n<\/div>\n\n\n<p><\/p>\n\n\n\n<p>Me llaman mucho la atenci\u00f3n tres im\u00e1genes muy bonitas que, claramente son copias, pero no tienen ninguna cartela que explique su origen.<a href=\"http:\/\/museoarqueologicodeyecla.org\/edad-media\/\"><\/a><\/p>\n\n\n<div class=\"wp-block-image\">\n<figure class=\"aligncenter size-full\"><img loading=\"lazy\" decoding=\"async\" width=\"900\" height=\"582\" src=\"https:\/\/misviajes.rosaguijarro.com\/wp-content\/uploads\/2026\/03\/yecla-03.jpg\" alt=\"\" class=\"wp-image-18315\" srcset=\"https:\/\/misviajes.rosaguijarro.com\/wp-content\/uploads\/2026\/03\/yecla-03.jpg 900w, https:\/\/misviajes.rosaguijarro.com\/wp-content\/uploads\/2026\/03\/yecla-03-300x194.jpg 300w, https:\/\/misviajes.rosaguijarro.com\/wp-content\/uploads\/2026\/03\/yecla-03-768x497.jpg 768w\" sizes=\"(max-width: 900px) 100vw, 900px\" \/><\/figure>\n<\/div>\n\n\n<p><\/p>\n\n\n\n<p>por lo que, cuando estamos a punto de salir del museo, pregunto por ellas. Me explican que son copias de unas falsificaciones que se exhiben en el Museo Arqueol\u00f3gico de Madrid. Resulta que un tal Juan Amat fue el primer excavador del yacimiento. Cuando mostr\u00f3 lo que hab\u00eda encontrado, le retiraron el permiso para excavar y s\u00f3lo le permitieron quedarse con las figuras que ya hab\u00eda hallado, las cuales vendi\u00f3 en 1872 para que fueran expuestas en el museo de Madrid. Amat fue consciente de lo que le hab\u00edan arrebatado al negarle la posibilidad de seguir excavando, as\u00ed que decidi\u00f3 dedicarse a falsificar piezas y venderlas como aut\u00e9nticas. El fraude fue descubierto a principios del siglo XX, cuando arque\u00f3logos como Pierre Paris y Ram\u00f3n M\u00e9lida comenzaron a distinguir las piezas falsas de las aut\u00e9nticas.<\/p>\n\n\n\n<p>El yacimiento romano de Los Torrejones est\u00e1 bien representado en el museo: Cabeza de mujer (1), mosaico (2), estatua de H\u00e9rcules (3), pinturas de las paredes, de las que me llam\u00f3 la atenci\u00f3n la representaci\u00f3n del calam\u00f3n com\u00fan&nbsp;(<em>Porphyrio porphyrio<\/em>), un ave muy bonita (4) y un magnifico retrato del emperador Adriano hecho con m\u00e1rmol de gran calidad (5).<\/p>\n\n\n<div class=\"wp-block-image\">\n<figure class=\"aligncenter size-full\"><img loading=\"lazy\" decoding=\"async\" width=\"1000\" height=\"750\" src=\"https:\/\/misviajes.rosaguijarro.com\/wp-content\/uploads\/2026\/03\/compo-romano.jpg\" alt=\"\" class=\"wp-image-18317\" srcset=\"https:\/\/misviajes.rosaguijarro.com\/wp-content\/uploads\/2026\/03\/compo-romano.jpg 1000w, https:\/\/misviajes.rosaguijarro.com\/wp-content\/uploads\/2026\/03\/compo-romano-300x225.jpg 300w, https:\/\/misviajes.rosaguijarro.com\/wp-content\/uploads\/2026\/03\/compo-romano-768x576.jpg 768w\" sizes=\"(max-width: 1000px) 100vw, 1000px\" \/><\/figure>\n<\/div>\n\n\n<p><\/p>\n\n\n\n<p>Este peque\u00f1o, agradable y muy did\u00e1ctico museo, nos ha gustado mucho.<a href=\"http:\/\/museoarqueologicodeyecla.org\/edad-media\/\"><\/a><\/p>\n\n\n\n<p><a href=\"http:\/\/museoarqueologicodeyecla.org\/edad-media\/\"><\/a>Quer\u00edamos visitar la iglesia, pero no es posible: est\u00e1 cerrada porque las lluvias han roto las tejas de la c\u00fapula y hasta la calle est\u00e1 cortada. As\u00ed que damos por acabada la visita. Comemos en el \u00e1rea de Yecla. Despu\u00e9s seguimos ruta y nos instalamos en el Camping \u00c1ureo Natura, en Abar\u00e1n, uno de los pueblos del Valle de Ricote, donde pasaremos cuatro noches.<\/p>\n\n\n\n<p>Un par de d\u00edas despu\u00e9s me enter\u00e9 de que la Regi\u00f3n de Murcia ofrece un bono tur\u00edstico que te permite un descuento de un 50% en los lugares que se acogen a \u00e9l. El C\u00e1mping \u00c1ureo Nature es uno de ellos, as\u00ed que solicit\u00e9 el bono. Recib\u00ed un mensaje que dec\u00eda que estaba en la lista y hab\u00eda no recuerdo cu\u00e1ntos antes de m\u00ed. El \u00faltimo d\u00eda del viaje recib\u00ed el c\u00f3digo que me permitir\u00eda aprovechar el bono, pero ya era tarde, acababa el viaje. As\u00ed que hay que pedirlo con antelaci\u00f3n. Informaci\u00f3n aqu\u00ed: <a href=\"https:\/\/www.turismoregiondemurcia.es\/es\/bono_turistico\/\">Bono tur\u00edstico<\/a>.<\/p>\n\n\n\n<p><strong>&nbsp;18 mi\u00e9rcoles<\/strong><\/p>\n\n\n\n<p>Despu\u00e9s de tomar caf\u00e9 en el bar, nos vamos a Jumilla a ver el Museo Etnogr\u00e1fico.<\/p>\n\n\n\n<p>Desde lo alto nos vigila el castillo, testigo de la larga historia de Jumilla. El lugar ya fue habitado en la Edad del Bronce, luego los \u00edberos lo convirtieron en una fortificaci\u00f3n. Tambi\u00e9n se asentaron all\u00ed los romanos. Pero lo que vemos hoy es parte de la fortaleza que construyeron los musulmanes a partir de 713, que mantuvieron hasta 1243, cuando pas\u00f3 a manos de la Corona de Castilla.<\/p>\n\n\n<div class=\"wp-block-image\">\n<figure class=\"aligncenter size-full\"><img loading=\"lazy\" decoding=\"async\" width=\"900\" height=\"600\" src=\"https:\/\/misviajes.rosaguijarro.com\/wp-content\/uploads\/2026\/03\/02-jumilla.jpg\" alt=\"\" class=\"wp-image-18322\" srcset=\"https:\/\/misviajes.rosaguijarro.com\/wp-content\/uploads\/2026\/03\/02-jumilla.jpg 900w, https:\/\/misviajes.rosaguijarro.com\/wp-content\/uploads\/2026\/03\/02-jumilla-300x200.jpg 300w, https:\/\/misviajes.rosaguijarro.com\/wp-content\/uploads\/2026\/03\/02-jumilla-768x512.jpg 768w\" sizes=\"(max-width: 900px) 100vw, 900px\" \/><\/figure>\n<\/div>\n\n\n<p><\/p>\n\n\n\n<p>El Museo Jer\u00f3nimo Molina tiene dos secciones en dos edificios diferentes: la de Etnograf\u00eda y Naturaleza y la de Arqueolog\u00eda. Visitamos la primera. En ella, en la parte dedicada a la entomolog\u00eda, hay una magn\u00edfica colecci\u00f3n de mariposas<\/p>\n\n\n<div class=\"wp-block-image\">\n<figure class=\"aligncenter size-large\"><img loading=\"lazy\" decoding=\"async\" width=\"1000\" height=\"1038\" src=\"https:\/\/misviajes.rosaguijarro.com\/wp-content\/uploads\/2026\/03\/compo-mariposas-1000x1038.jpg\" alt=\"\" class=\"wp-image-18325\" srcset=\"https:\/\/misviajes.rosaguijarro.com\/wp-content\/uploads\/2026\/03\/compo-mariposas-1000x1038.jpg 1000w, https:\/\/misviajes.rosaguijarro.com\/wp-content\/uploads\/2026\/03\/compo-mariposas-289x300.jpg 289w, https:\/\/misviajes.rosaguijarro.com\/wp-content\/uploads\/2026\/03\/compo-mariposas-768x797.jpg 768w, https:\/\/misviajes.rosaguijarro.com\/wp-content\/uploads\/2026\/03\/compo-mariposas.jpg 1301w\" sizes=\"(max-width: 1000px) 100vw, 1000px\" \/><\/figure>\n<\/div>\n\n\n<p><\/p>\n\n\n\n<p>y otros bichos, por ejemplo los insectos joya de Filipinas.<\/p>\n\n\n<div class=\"wp-block-image\">\n<figure class=\"aligncenter size-full\"><img loading=\"lazy\" decoding=\"async\" width=\"700\" height=\"469\" src=\"https:\/\/misviajes.rosaguijarro.com\/wp-content\/uploads\/2026\/03\/joya.jpg\" alt=\"\" class=\"wp-image-18328\" srcset=\"https:\/\/misviajes.rosaguijarro.com\/wp-content\/uploads\/2026\/03\/joya.jpg 700w, https:\/\/misviajes.rosaguijarro.com\/wp-content\/uploads\/2026\/03\/joya-300x201.jpg 300w\" sizes=\"(max-width: 700px) 100vw, 700px\" \/><\/figure>\n<\/div>\n\n\n<p><\/p>\n\n\n\n<p>Una parte del museo est\u00e1 dedicada a los oficios. Me llama la atenci\u00f3n esta tartana porque se parece a la que ten\u00eda mi padre, all\u00e1 por los a\u00f1os 40 y 50 del siglo pasado, y con la que iba por los pueblos a vender los productos que se hac\u00edan en la pasteler\u00eda de mi abuelo. Mi abuelo ten\u00eda una rubia, pero mi padre nunca quiso conducir un autom\u00f3vil, le gustaban los caballos.<\/p>\n\n\n<div class=\"wp-block-image\">\n<figure class=\"aligncenter size-full\"><img loading=\"lazy\" decoding=\"async\" width=\"900\" height=\"594\" src=\"https:\/\/misviajes.rosaguijarro.com\/wp-content\/uploads\/2026\/03\/museo-3.jpg\" alt=\"\" class=\"wp-image-18330\" srcset=\"https:\/\/misviajes.rosaguijarro.com\/wp-content\/uploads\/2026\/03\/museo-3.jpg 900w, https:\/\/misviajes.rosaguijarro.com\/wp-content\/uploads\/2026\/03\/museo-3-300x198.jpg 300w, https:\/\/misviajes.rosaguijarro.com\/wp-content\/uploads\/2026\/03\/museo-3-768x507.jpg 768w\" sizes=\"(max-width: 900px) 100vw, 900px\" \/><\/figure>\n<\/div>\n\n\n<p><\/p>\n\n\n\n<p>Y, entre las herramientas de oficios expuestas, me llaman la atenci\u00f3n \u00e9stas de los esparteros por los nombres, claramente \u00e1rabes, como tahal\u00ed y almar\u00e1s.<\/p>\n\n\n<div class=\"wp-block-image\">\n<figure class=\"aligncenter size-full\"><img loading=\"lazy\" decoding=\"async\" width=\"900\" height=\"600\" src=\"https:\/\/misviajes.rosaguijarro.com\/wp-content\/uploads\/2026\/03\/espartero-1.jpg\" alt=\"\" class=\"wp-image-18333\" srcset=\"https:\/\/misviajes.rosaguijarro.com\/wp-content\/uploads\/2026\/03\/espartero-1.jpg 900w, https:\/\/misviajes.rosaguijarro.com\/wp-content\/uploads\/2026\/03\/espartero-1-300x200.jpg 300w, https:\/\/misviajes.rosaguijarro.com\/wp-content\/uploads\/2026\/03\/espartero-1-768x512.jpg 768w\" sizes=\"(max-width: 900px) 100vw, 900px\" \/><\/figure>\n<\/div>\n\n\n<p><\/p>\n\n\n\n<p>En el museo hay tambi\u00e9n un espacio dedicado al yacimiento de la Hoya de la Sima, que fue descubierto en 1997 en una antigua cantera de yeso. La importancia de este yacimiento reside en que es el \u00fanico en Espa\u00f1a que tiene huellas de vertebrados pertenecientes al Mioceno Superior, con m\u00e1s de 6,2 millones de a\u00f1os de antig\u00fcedad. Estas icnitas se produjeron cuando diversos mam\u00edferos caminaron por la orilla de un lago y corresponden a diversos animales ya extintos como, entre otros, el <em>Agriotherium<\/em>.<\/p>\n\n\n<div class=\"wp-block-image\">\n<figure class=\"aligncenter size-full\"><img loading=\"lazy\" decoding=\"async\" width=\"900\" height=\"620\" src=\"https:\/\/misviajes.rosaguijarro.com\/wp-content\/uploads\/2026\/03\/oso-1.jpg\" alt=\"\" class=\"wp-image-18335\" srcset=\"https:\/\/misviajes.rosaguijarro.com\/wp-content\/uploads\/2026\/03\/oso-1.jpg 900w, https:\/\/misviajes.rosaguijarro.com\/wp-content\/uploads\/2026\/03\/oso-1-300x207.jpg 300w, https:\/\/misviajes.rosaguijarro.com\/wp-content\/uploads\/2026\/03\/oso-1-768x529.jpg 768w\" sizes=\"(max-width: 900px) 100vw, 900px\" \/><\/figure>\n<\/div>\n\n\n<p><\/p>\n\n\n\n<p>Aunque unas de las m\u00e1s interesantes son las huellas de <em>Hipparion<\/em>, pues es la primera vez que se describen en Espa\u00f1a. El <em>Hippari\u00f3n<\/em> es un peque\u00f1o perisod\u00e1ctilo \u00e9quido del Mioceno superior que, a diferencia de los caballos actuales, ten\u00eda tres dedos en lugar de un casco \u00fanico en cada una de sus patas.<\/p>\n\n\n<div class=\"wp-block-image\">\n<figure class=\"aligncenter size-full\"><img loading=\"lazy\" decoding=\"async\" width=\"900\" height=\"698\" src=\"https:\/\/misviajes.rosaguijarro.com\/wp-content\/uploads\/2026\/03\/hiparion-2.jpg\" alt=\"\" class=\"wp-image-18338\" srcset=\"https:\/\/misviajes.rosaguijarro.com\/wp-content\/uploads\/2026\/03\/hiparion-2.jpg 900w, https:\/\/misviajes.rosaguijarro.com\/wp-content\/uploads\/2026\/03\/hiparion-2-300x233.jpg 300w, https:\/\/misviajes.rosaguijarro.com\/wp-content\/uploads\/2026\/03\/hiparion-2-768x596.jpg 768w\" sizes=\"(max-width: 900px) 100vw, 900px\" \/><\/figure>\n<\/div>\n\n\n<p><\/p>\n\n\n\n<p>Y hay huellas de m\u00e1s mam\u00edferos y tambi\u00e9n otras secciones en el museo, pero aqu\u00ed lo dejo para provocar la curiosidad.<\/p>\n\n\n\n<p>Salimos y, tras un paseo por el pueblo, nos vamos a comer a la ermita que no vemos porque nos quedamos un poco antes (38.42922, -1.31334), es un buen furgoperfecto, hay un par de furgonetas con aspecto de estar acampadas aqu\u00ed. <\/p>\n\n\n\n<p>Despu\u00e9s de comer, hacemos una ruta para ver los frutales en flor. Nos movemos por el altiplano de Jumilla-Yecla, formado por anchos valles cuya altitud media ronda los&nbsp;600 metros sobre el nivel del mar y que cuenta con sierras, pertenecientes al Sistema Penib\u00e9tico, que superan los 1.300 metros. Estos valles son&nbsp; atravesados por una red de ramblas, la mayor\u00eda de las cuales vierten sus aguas al&nbsp;r\u00edo Segura.<\/p>\n\n\n<div class=\"wp-block-image\">\n<figure class=\"aligncenter size-full\"><img loading=\"lazy\" decoding=\"async\" width=\"900\" height=\"456\" src=\"https:\/\/misviajes.rosaguijarro.com\/wp-content\/uploads\/2026\/03\/3.jpg\" alt=\"\" class=\"wp-image-18340\" srcset=\"https:\/\/misviajes.rosaguijarro.com\/wp-content\/uploads\/2026\/03\/3.jpg 900w, https:\/\/misviajes.rosaguijarro.com\/wp-content\/uploads\/2026\/03\/3-300x152.jpg 300w, https:\/\/misviajes.rosaguijarro.com\/wp-content\/uploads\/2026\/03\/3-768x389.jpg 768w\" sizes=\"(max-width: 900px) 100vw, 900px\" \/><\/figure>\n<\/div>\n\n\n<p><\/p>\n\n\n<div class=\"wp-block-image\">\n<figure class=\"aligncenter size-full\"><img loading=\"lazy\" decoding=\"async\" width=\"900\" height=\"492\" src=\"https:\/\/misviajes.rosaguijarro.com\/wp-content\/uploads\/2026\/03\/2a.jpg\" alt=\"\" class=\"wp-image-18341\" srcset=\"https:\/\/misviajes.rosaguijarro.com\/wp-content\/uploads\/2026\/03\/2a.jpg 900w, https:\/\/misviajes.rosaguijarro.com\/wp-content\/uploads\/2026\/03\/2a-300x164.jpg 300w, https:\/\/misviajes.rosaguijarro.com\/wp-content\/uploads\/2026\/03\/2a-768x420.jpg 768w\" sizes=\"(max-width: 900px) 100vw, 900px\" \/><\/figure>\n<\/div>\n\n\n<p><\/p>\n\n\n<div class=\"wp-block-image\">\n<figure class=\"aligncenter size-full\"><img loading=\"lazy\" decoding=\"async\" width=\"1000\" height=\"706\" src=\"https:\/\/misviajes.rosaguijarro.com\/wp-content\/uploads\/2026\/03\/compo-flores-jumilla.jpg\" alt=\"\" class=\"wp-image-18352\" srcset=\"https:\/\/misviajes.rosaguijarro.com\/wp-content\/uploads\/2026\/03\/compo-flores-jumilla.jpg 1000w, https:\/\/misviajes.rosaguijarro.com\/wp-content\/uploads\/2026\/03\/compo-flores-jumilla-300x212.jpg 300w, https:\/\/misviajes.rosaguijarro.com\/wp-content\/uploads\/2026\/03\/compo-flores-jumilla-768x542.jpg 768w\" sizes=\"(max-width: 1000px) 100vw, 1000px\" \/><\/figure>\n<\/div>\n\n\n<p><\/p>\n\n\n\n<p>Volvemos al c\u00e1mping.<\/p>\n\n\n\n<p><strong>19 jueves<\/strong><\/p>\n\n\n\n<p>Hoy dedicamos el d\u00eda a Cieza y a sus afamados campos en flor.<\/p>\n\n\n\n<p>Empezamos en Cieza por el museo dedicado a Madina Siy\u00e2sa (\u0645\u062f\u064a\u0646\u0629 \u0633\u064a\u0627\u0633\u0629), que en su \u00e9poca de m\u00e1ximo esplendor, a mediados del siglo XII y principios del XIII, lleg\u00f3 a tener cerca de 787 viviendas y m\u00e1s de 4000 habitantes. La mayor\u00eda de las viviendas excavadas en Siy\u00e2sa muestran un patio central alrededor del cual se articulan las estancias de la casa. Esta disposici\u00f3n aseguraba que su rica vida diaria se desarrollara en el interior de las viviendas, sin mostrar nada hacia el exterior, tal y como manda la religi\u00f3n musulmana. La austeridad del exterior de las edificaciones contrasta con los interiores, bellamente decorados con arcos en las puertas, ventanas, miradores y celos\u00edas, de los cuales vemos varias muestras.<\/p>\n\n\n\n<p>En el museo est\u00e1n reproducidas las estancias de dos casas y expuestos ejemplos de yeser\u00edas decorativas. Estos materiales son muy interesantes porque muestran que las yeser\u00edas no se usaban exclusivamente para decorar palacios, sino que en casas humildes tambi\u00e9n las hab\u00eda.<\/p>\n\n\n<div class=\"wp-block-image\">\n<figure class=\"aligncenter size-full\"><img loading=\"lazy\" decoding=\"async\" width=\"1000\" height=\"657\" src=\"https:\/\/misviajes.rosaguijarro.com\/wp-content\/uploads\/2026\/03\/compo-casa.jpg\" alt=\"\" class=\"wp-image-18358\" srcset=\"https:\/\/misviajes.rosaguijarro.com\/wp-content\/uploads\/2026\/03\/compo-casa.jpg 1000w, https:\/\/misviajes.rosaguijarro.com\/wp-content\/uploads\/2026\/03\/compo-casa-300x197.jpg 300w, https:\/\/misviajes.rosaguijarro.com\/wp-content\/uploads\/2026\/03\/compo-casa-768x505.jpg 768w\" sizes=\"(max-width: 1000px) 100vw, 1000px\" \/><\/figure>\n<\/div>\n\n\n<p><\/p>\n\n\n\n<p>Tambi\u00e9n se exponen fragmentos de vasijas de cer\u00e1mica con decoraciones diversas<\/p>\n\n\n<div class=\"wp-block-image\">\n<figure class=\"aligncenter size-full\"><img loading=\"lazy\" decoding=\"async\" width=\"1000\" height=\"547\" src=\"https:\/\/misviajes.rosaguijarro.com\/wp-content\/uploads\/2026\/03\/compo-ceramica.jpg\" alt=\"\" class=\"wp-image-18361\" srcset=\"https:\/\/misviajes.rosaguijarro.com\/wp-content\/uploads\/2026\/03\/compo-ceramica.jpg 1000w, https:\/\/misviajes.rosaguijarro.com\/wp-content\/uploads\/2026\/03\/compo-ceramica-300x164.jpg 300w, https:\/\/misviajes.rosaguijarro.com\/wp-content\/uploads\/2026\/03\/compo-ceramica-768x420.jpg 768w\" sizes=\"(max-width: 1000px) 100vw, 1000px\" \/><\/figure>\n<\/div>\n\n\n<p><\/p>\n\n\n\n<p>Damos una vuelta por el pueblo y, despu\u00e9s de comer, nos adentramos en los campos de Cieza para seguir disfrutando de la floraci\u00f3n y el paisaje.<\/p>\n\n\n<div class=\"wp-block-image\">\n<figure class=\"aligncenter size-full\"><img loading=\"lazy\" decoding=\"async\" width=\"900\" height=\"912\" src=\"https:\/\/misviajes.rosaguijarro.com\/wp-content\/uploads\/2026\/03\/compoCieza-Joan.jpg\" alt=\"\" class=\"wp-image-18370\" srcset=\"https:\/\/misviajes.rosaguijarro.com\/wp-content\/uploads\/2026\/03\/compoCieza-Joan.jpg 900w, https:\/\/misviajes.rosaguijarro.com\/wp-content\/uploads\/2026\/03\/compoCieza-Joan-296x300.jpg 296w, https:\/\/misviajes.rosaguijarro.com\/wp-content\/uploads\/2026\/03\/compoCieza-Joan-768x778.jpg 768w\" sizes=\"(max-width: 900px) 100vw, 900px\" \/><\/figure>\n<\/div>\n\n\n<p><\/p>\n\n\n<div class=\"wp-block-image\">\n<figure class=\"aligncenter size-full\"><img loading=\"lazy\" decoding=\"async\" width=\"900\" height=\"602\" src=\"https:\/\/misviajes.rosaguijarro.com\/wp-content\/uploads\/2026\/03\/Compo-campos-flores.jpg\" alt=\"\" class=\"wp-image-18371\" srcset=\"https:\/\/misviajes.rosaguijarro.com\/wp-content\/uploads\/2026\/03\/Compo-campos-flores.jpg 900w, https:\/\/misviajes.rosaguijarro.com\/wp-content\/uploads\/2026\/03\/Compo-campos-flores-300x201.jpg 300w, https:\/\/misviajes.rosaguijarro.com\/wp-content\/uploads\/2026\/03\/Compo-campos-flores-768x514.jpg 768w\" sizes=\"(max-width: 900px) 100vw, 900px\" \/><\/figure>\n<\/div>\n\n\n<p><\/p>\n\n\n<div class=\"wp-block-image\">\n<figure class=\"aligncenter size-full\"><img loading=\"lazy\" decoding=\"async\" width=\"900\" height=\"597\" src=\"https:\/\/misviajes.rosaguijarro.com\/wp-content\/uploads\/2026\/03\/compo-flores.jpg\" alt=\"\" class=\"wp-image-18372\" srcset=\"https:\/\/misviajes.rosaguijarro.com\/wp-content\/uploads\/2026\/03\/compo-flores.jpg 900w, https:\/\/misviajes.rosaguijarro.com\/wp-content\/uploads\/2026\/03\/compo-flores-300x199.jpg 300w, https:\/\/misviajes.rosaguijarro.com\/wp-content\/uploads\/2026\/03\/compo-flores-768x509.jpg 768w\" sizes=\"(max-width: 900px) 100vw, 900px\" \/><\/figure>\n<\/div>\n\n\n<p><\/p>\n\n\n\n<p><strong>20 viernes<\/strong><\/p>\n\n\n\n<p>Hoy vamos a dedicar el d\u00eda a pasear por el Valle de Ricote, <a href=\"https:\/\/misviajes.rosaguijarro.com\/index.php\/escapada-a-murcia-2016\/\">que ya conocemos<\/a>. El Valle recibe la denominaci\u00f3n&nbsp;Valle de Ricote (\u0648\u0627\u062f\u064a \u0631\u0650\u0642\u0648\u0637)&nbsp;a principios del siglo&nbsp;VIII, con la invasi\u00f3n musulmana de la Pen\u00ednsula Ib\u00e9rica. Ser\u00e1 territorio musulm\u00e1n hasta 1243 cuando, por el&nbsp;Tratado de Alcaraz, junto con el resto de Murcia, pase a manos de la&nbsp;Corona de Castilla.<\/p>\n\n\n\n<p>El Valle es conocido tambi\u00e9n como el&nbsp;<em>Valle Morisco<\/em>, y para saber por qu\u00e9 tenemos que remontarnos a 1499, cuando, con la llegada a Granada del Cardenal Cisneros, se acaba la tolerancia con la religi\u00f3n musulmana y, en 1501, se exige la conversi\u00f3n de los musulmanes del Reino de Granada. En 1502, mediante la Pragm\u00e1tica de 14 de febrero, se exigi\u00f3 la conversi\u00f3n o el exilio a todos los mud\u00e9jares (musulmanes) de la Corona de Castilla. Los conversos forzosos pasaron a ser conocidos como&nbsp;\u00abmoriscos\u00bb.<\/p>\n\n\n\n<p>Muchos de estos moriscos continuaron  practicando la religi\u00f3n musulmana en secreto lo que, entre otros motivos, llev\u00f3 a que el rey&nbsp;Felipe III ordenara su expulsi\u00f3n definitiva. La expulsi\u00f3n se llev\u00f3 a cabo entre 1609 y 1614. Pero los moriscos del Valle de Ricote eran considerados&nbsp;muy cristianizados y fieles a la Corona, por lo que la medida se retras\u00f3 varios a\u00f1os.&nbsp;Pero, finalmente el rey&nbsp;decidi\u00f3 ejecutar la expulsi\u00f3n el 19 de octubre de 1613. As\u00ed los moriscos ricote\u00f1os fueron los \u00faltimos en abandonar el territorio de la Corona de Castilla. <\/p>\n\n\n\n<p>Y, de esta manera, el Valle tiene un aire muy \u00ab\u00e1rabe\u00bb: en el paisaje,<\/p>\n\n\n<div class=\"wp-block-image\">\n<figure class=\"aligncenter size-full\"><img loading=\"lazy\" decoding=\"async\" width=\"900\" height=\"910\" src=\"https:\/\/misviajes.rosaguijarro.com\/wp-content\/uploads\/2026\/03\/compo-paisaje.jpg\" alt=\"\" class=\"wp-image-18379\" srcset=\"https:\/\/misviajes.rosaguijarro.com\/wp-content\/uploads\/2026\/03\/compo-paisaje.jpg 900w, https:\/\/misviajes.rosaguijarro.com\/wp-content\/uploads\/2026\/03\/compo-paisaje-297x300.jpg 297w, https:\/\/misviajes.rosaguijarro.com\/wp-content\/uploads\/2026\/03\/compo-paisaje-768x777.jpg 768w\" sizes=\"(max-width: 900px) 100vw, 900px\" \/><\/figure>\n<\/div>\n\n\n<p><\/p>\n\n\n\n<p>y  en el aspecto de las huertas, regadas por el r\u00edo Segura con el sistema de acequias y norias que permiten el regad\u00edo por gravedad.<\/p>\n\n\n<div class=\"wp-block-image\">\n<figure class=\"aligncenter size-full is-resized\"><img loading=\"lazy\" decoding=\"async\" width=\"702\" height=\"951\" src=\"https:\/\/misviajes.rosaguijarro.com\/wp-content\/uploads\/2026\/03\/compo-norias.jpg\" alt=\"\" class=\"wp-image-18380\" style=\"width:762px;height:auto\" srcset=\"https:\/\/misviajes.rosaguijarro.com\/wp-content\/uploads\/2026\/03\/compo-norias.jpg 702w, https:\/\/misviajes.rosaguijarro.com\/wp-content\/uploads\/2026\/03\/compo-norias-221x300.jpg 221w\" sizes=\"(max-width: 702px) 100vw, 702px\" \/><\/figure>\n<\/div>\n\n\n<p><\/p>\n\n\n\n<p>En definitiva, un rinc\u00f3n precioso y muy interesante de Murcia<\/p>\n\n\n<div class=\"wp-block-image\">\n<figure class=\"aligncenter size-large\"><img loading=\"lazy\" decoding=\"async\" width=\"1038\" height=\"693\" src=\"https:\/\/misviajes.rosaguijarro.com\/wp-content\/uploads\/2026\/03\/compo-otros-Ricote-1038x693.jpg\" alt=\"\" class=\"wp-image-18382\" srcset=\"https:\/\/misviajes.rosaguijarro.com\/wp-content\/uploads\/2026\/03\/compo-otros-Ricote-1038x693.jpg 1038w, https:\/\/misviajes.rosaguijarro.com\/wp-content\/uploads\/2026\/03\/compo-otros-Ricote-300x200.jpg 300w, https:\/\/misviajes.rosaguijarro.com\/wp-content\/uploads\/2026\/03\/compo-otros-Ricote-768x513.jpg 768w, https:\/\/misviajes.rosaguijarro.com\/wp-content\/uploads\/2026\/03\/compo-otros-Ricote.jpg 1416w\" sizes=\"(max-width: 1038px) 100vw, 1038px\" \/><\/figure>\n<\/div>\n\n\n<p><\/p>\n\n\n\n<p><strong>21 s\u00e1bado<\/strong><\/p>\n\n\n\n<p>Salimos algo m\u00e1s tarde de lo normal. Ayer tropec\u00e9 en el c\u00e1mping y par\u00e9 la ca\u00edda con el codo y ahora me duele (y me doler\u00e1 durante unos d\u00edas). Vamos por una carretera local, que pasa por el embalse Alfonso XIII, hacia Calasparra. Nos hubiera gustado ver los campos de arroz, pero como ahora estar\u00e1n secos no vamos a verlos. Seguimos hacia Moratalla. <\/p>\n\n\n\n<p>Primero vimos m\u00e1s campos de frutales<\/p>\n\n\n<div class=\"wp-block-image\">\n<figure class=\"aligncenter size-full\"><img loading=\"lazy\" decoding=\"async\" width=\"900\" height=\"605\" src=\"https:\/\/misviajes.rosaguijarro.com\/wp-content\/uploads\/2026\/03\/compo-melocotones.jpg\" alt=\"\" class=\"wp-image-18386\" srcset=\"https:\/\/misviajes.rosaguijarro.com\/wp-content\/uploads\/2026\/03\/compo-melocotones.jpg 900w, https:\/\/misviajes.rosaguijarro.com\/wp-content\/uploads\/2026\/03\/compo-melocotones-300x202.jpg 300w, https:\/\/misviajes.rosaguijarro.com\/wp-content\/uploads\/2026\/03\/compo-melocotones-768x516.jpg 768w\" sizes=\"(max-width: 900px) 100vw, 900px\" \/><\/figure>\n<\/div>\n\n\n<p><\/p>\n\n\n\n<p>Luego llegaron los campos de almendros, algo que nos sorprendi\u00f3. No sab\u00edamos que en Murcia se cultivaran tantos. Ahora nos enteramos de que en la Regi\u00f3n de Murcia se dedican unas 70.000 hect\u00e1reas al cultivo del almendro y que el 93% de ellas se encuentran en terrenos de \u00absecano rabioso\u00bb. Esto supone que su producci\u00f3n sea escasa, pero que tengan un importante papel en el freno al avance de la desertificazaci\u00f3n.<\/p>\n\n\n<div class=\"wp-block-image\">\n<figure class=\"aligncenter size-full\"><img loading=\"lazy\" decoding=\"async\" width=\"900\" height=\"602\" src=\"https:\/\/misviajes.rosaguijarro.com\/wp-content\/uploads\/2026\/03\/compo-almendros.jpg\" alt=\"\" class=\"wp-image-18387\" srcset=\"https:\/\/misviajes.rosaguijarro.com\/wp-content\/uploads\/2026\/03\/compo-almendros.jpg 900w, https:\/\/misviajes.rosaguijarro.com\/wp-content\/uploads\/2026\/03\/compo-almendros-300x201.jpg 300w, https:\/\/misviajes.rosaguijarro.com\/wp-content\/uploads\/2026\/03\/compo-almendros-768x514.jpg 768w\" sizes=\"(max-width: 900px) 100vw, 900px\" \/><\/figure>\n<\/div>\n\n\n<p><\/p>\n\n\n\n<p>Tambi\u00e9n hemos visto campos de secano con cultivos herb\u00e1ceos, pero casi acaban de brotar y no podemos saber exactamente qu\u00e9 son. Busco informaci\u00f3n y leo: \u00abLa cebada es el cereal m\u00e1s extendido con 51.175 ha. El predominio de sembrados, se encuentra en Caravaca, Moratalla,&#8230;\u00bb, pienso, entonces, que puede ser cebada.<\/p>\n\n\n<div class=\"wp-block-image\">\n<figure class=\"aligncenter size-full\"><img loading=\"lazy\" decoding=\"async\" width=\"900\" height=\"597\" src=\"https:\/\/misviajes.rosaguijarro.com\/wp-content\/uploads\/2026\/03\/compo-secano.jpg\" alt=\"\" class=\"wp-image-18391\" srcset=\"https:\/\/misviajes.rosaguijarro.com\/wp-content\/uploads\/2026\/03\/compo-secano.jpg 900w, https:\/\/misviajes.rosaguijarro.com\/wp-content\/uploads\/2026\/03\/compo-secano-300x199.jpg 300w, https:\/\/misviajes.rosaguijarro.com\/wp-content\/uploads\/2026\/03\/compo-secano-768x509.jpg 768w\" sizes=\"(max-width: 900px) 100vw, 900px\" \/><\/figure>\n<\/div>\n\n\n<p><\/p>\n\n\n\n<p>Vemos Moratalla desde la carretera.<\/p>\n\n\n<div class=\"wp-block-image\">\n<figure class=\"aligncenter size-full is-resized\"><img loading=\"lazy\" decoding=\"async\" width=\"685\" height=\"933\" src=\"https:\/\/misviajes.rosaguijarro.com\/wp-content\/uploads\/2026\/03\/compo-Moratalla.jpg\" alt=\"\" class=\"wp-image-18393\" style=\"aspect-ratio:0.734203078159803;width:785px;height:auto\" srcset=\"https:\/\/misviajes.rosaguijarro.com\/wp-content\/uploads\/2026\/03\/compo-Moratalla.jpg 685w, https:\/\/misviajes.rosaguijarro.com\/wp-content\/uploads\/2026\/03\/compo-Moratalla-220x300.jpg 220w\" sizes=\"(max-width: 685px) 100vw, 685px\" \/><\/figure>\n<\/div>\n\n\n<p><\/p>\n\n\n\n<p>Y llegamos a Caravaca de la Cruz. Comemos en el \u00e1rea que est\u00e1 llena e incluso hay autocaravanas aparcadas en el p\u00e1rking, muy grande, que hay al lado. Este \u00e1rea est\u00e1 bien, hay hasta unos aseos p\u00fablicos que est\u00e1n muy limpios. Hay un mont\u00f3n de extranjeros \u00abacampados\u00bb, incluso toman el sol en bikini en el p\u00e1rking donde estamos. Comemos y visitamos la ciudad. Subimos hasta el castillo y el Santuario de la Vera Cruz de Caravaca.<\/p>\n\n\n<div class=\"wp-block-image\">\n<figure class=\"aligncenter size-full is-resized\"><img loading=\"lazy\" decoding=\"async\" width=\"898\" height=\"600\" src=\"https:\/\/misviajes.rosaguijarro.com\/wp-content\/uploads\/2026\/03\/compo-Caravaca-1.jpg\" alt=\"\" class=\"wp-image-18403\" style=\"width:944px;height:auto\" srcset=\"https:\/\/misviajes.rosaguijarro.com\/wp-content\/uploads\/2026\/03\/compo-Caravaca-1.jpg 898w, https:\/\/misviajes.rosaguijarro.com\/wp-content\/uploads\/2026\/03\/compo-Caravaca-1-300x200.jpg 300w, https:\/\/misviajes.rosaguijarro.com\/wp-content\/uploads\/2026\/03\/compo-Caravaca-1-768x513.jpg 768w\" sizes=\"(max-width: 898px) 100vw, 898px\" \/><\/figure>\n<\/div>\n\n\n<p><\/p>\n\n\n<div class=\"wp-block-image\">\n<figure class=\"aligncenter size-full\"><img loading=\"lazy\" decoding=\"async\" width=\"467\" height=\"700\" src=\"https:\/\/misviajes.rosaguijarro.com\/wp-content\/uploads\/2026\/03\/cara7.jpg\" alt=\"\" class=\"wp-image-18404\" srcset=\"https:\/\/misviajes.rosaguijarro.com\/wp-content\/uploads\/2026\/03\/cara7.jpg 467w, https:\/\/misviajes.rosaguijarro.com\/wp-content\/uploads\/2026\/03\/cara7-200x300.jpg 200w\" sizes=\"(max-width: 467px) 100vw, 467px\" \/><\/figure>\n<\/div>\n\n\n<p><\/p>\n\n\n\n<p>De camino al p\u00e1rking vemos estos \u00e1rboles, me recuerdan a un hombre que conocimos en la India que se dedicaba a fotografiar troncos de \u00e1rboles, ten\u00eda varios libros publicados. Le imito.<\/p>\n\n\n<div class=\"wp-block-image\">\n<figure class=\"aligncenter size-full is-resized\"><img loading=\"lazy\" decoding=\"async\" width=\"946\" height=\"693\" src=\"https:\/\/misviajes.rosaguijarro.com\/wp-content\/uploads\/2026\/03\/compo-arboles.jpg\" alt=\"\" class=\"wp-image-18400\" style=\"width:842px;height:auto\" srcset=\"https:\/\/misviajes.rosaguijarro.com\/wp-content\/uploads\/2026\/03\/compo-arboles.jpg 946w, https:\/\/misviajes.rosaguijarro.com\/wp-content\/uploads\/2026\/03\/compo-arboles-300x220.jpg 300w, https:\/\/misviajes.rosaguijarro.com\/wp-content\/uploads\/2026\/03\/compo-arboles-768x563.jpg 768w\" sizes=\"(max-width: 946px) 100vw, 946px\" \/><\/figure>\n<\/div>\n\n\n<p><\/p>\n\n\n\n<p>Luego vamos al \u00e1rea Maravilla p\u00e1rking en Cehegin. Lo reserv\u00e9 y pagu\u00e9 (12\u20ac) ayer porque todo est\u00e1 muy lleno y tem\u00eda no encontrar sitio. Hay un mont\u00f3n de holandeses, alemanes, brit\u00e1nicos, etc. por aqu\u00ed hibernando, Joan cree que han hu\u00eddo de las lluvias de Andalucia. Llegamos al \u00e1rea y est\u00e1 muy llena. Miramos y vemos un sitio donde hay dos enchufes, deducimos que son dos plazas, estamos aparcando cuando vienen un energ\u00fameno holand\u00e9s vociferando como un loco, me dice que me vaya, le digo que no. Sigue gritando, se le a\u00f1ade su mujer, llego a la conclusi\u00f3n de que estoy tratando con dos aut\u00e9nticos b\u00e1rbaros del norte. Decido ignorarles y llamo al tel\u00e9fono de contacto del \u00e1rea. Mientras hablo con el encargado, el holand\u00e9s vociferante hace fotos de mi furgo y les va diciendo al resto de holandeses que me he colado y que no he pagado. El encargado me dice que hay 13 plazas y le digo que hay 14 veh\u00edculos. Dice que haga fotos de las matriculas para ver qu\u00e9 pasa. Lo hago y vienen el holand\u00e9s y su mujer gritando otra vez y dicen que no puedo hacer fotos de su furgo porque es su casa. Y les digo que porqu\u00e9 han hecho fotos de la m\u00eda, entonces. En esas, el encargado dice que ha habido un error en el sistema y han vendido una plaza de m\u00e1s, que me coloque en un extremo del \u00e1rea donde hay un enchufe. Pero all\u00ed han montado un campamento, toldo abierto, ropa tendida&#8230;., le digo que hable \u00e9l con la se\u00f1ora, tambi\u00e9n holandesa. Pero ella es una persona educada que no tiene ning\u00fan inconveniente en recoger la paradita y hacerme sitio. Y all\u00ed me coloco para pasar la noche.<\/p>\n\n\n\n<p><strong>22 domingo<\/strong><\/p>\n\n\n\n<p>No me lo puedo creer, pero ahora me doy cuenta de que me salt\u00e9 Ceheg\u00edn. Cuando empezamos la ruta de hoy se me olvid\u00f3 ir al Museo Arqueol\u00f3gico de este pueblo y a dar una vuelta por \u00e9l. Yo creo que la culpa la tiene el holand\u00e9s, s\u00f3lo pensaba en perderle de vista y me desconcentr\u00e9.<\/p>\n\n\n\n<p>Bueno, pues ponemos rumbo a Mula. Me hace gracia visitar este pueblo, cuando viv\u00eda con mis padres ten\u00edamos unos vecinos que eran de Mula. <\/p>\n\n\n<div class=\"wp-block-image\">\n<figure class=\"aligncenter size-full\"><img loading=\"lazy\" decoding=\"async\" width=\"900\" height=\"639\" src=\"https:\/\/misviajes.rosaguijarro.com\/wp-content\/uploads\/2026\/03\/compo-Mula.jpg\" alt=\"\" class=\"wp-image-18412\" srcset=\"https:\/\/misviajes.rosaguijarro.com\/wp-content\/uploads\/2026\/03\/compo-Mula.jpg 900w, https:\/\/misviajes.rosaguijarro.com\/wp-content\/uploads\/2026\/03\/compo-Mula-300x213.jpg 300w, https:\/\/misviajes.rosaguijarro.com\/wp-content\/uploads\/2026\/03\/compo-Mula-768x545.jpg 768w\" sizes=\"(max-width: 900px) 100vw, 900px\" \/><\/figure>\n<\/div>\n\n\n<p><\/p>\n\n\n\n<p>Despu\u00e9s de dar un paseo por la ciudad, entramos en el Museo de la Ciudad donde, entre otras piezas, se expone el Sarc\u00f3fago de Villaricos, sarc\u00f3fago visig\u00f3tico datado entre los siglos VI y VII. Fue descubierto en 2021 en la cercana villa romana de Los Villaricos, y expuesto en el museo desde 2023.<\/p>\n\n\n<div class=\"wp-block-image\">\n<figure class=\"aligncenter size-full\"><img loading=\"lazy\" decoding=\"async\" width=\"900\" height=\"332\" src=\"https:\/\/misviajes.rosaguijarro.com\/wp-content\/uploads\/2026\/03\/compo-sarco.jpg\" alt=\"\" class=\"wp-image-18416\" srcset=\"https:\/\/misviajes.rosaguijarro.com\/wp-content\/uploads\/2026\/03\/compo-sarco.jpg 900w, https:\/\/misviajes.rosaguijarro.com\/wp-content\/uploads\/2026\/03\/compo-sarco-300x111.jpg 300w, https:\/\/misviajes.rosaguijarro.com\/wp-content\/uploads\/2026\/03\/compo-sarco-768x283.jpg 768w\" sizes=\"(max-width: 900px) 100vw, 900px\" \/><\/figure>\n<\/div>\n\n\n<p><\/p>\n\n\n\n<p>Vamos despu\u00e9s al Museo de Arte Ib\u00e9rico de \u00abEl Cigarralejo\u00bb.  El museo est\u00e1 alojado en el Palacio del Marqu\u00e9s de Menahermosa, un t\u00edpico palacio del Barroco murciano.<\/p>\n\n\n<div class=\"wp-block-image\">\n<figure class=\"aligncenter size-full\"><img loading=\"lazy\" decoding=\"async\" width=\"900\" height=\"600\" src=\"https:\/\/misviajes.rosaguijarro.com\/wp-content\/uploads\/2026\/03\/Museo-El-Cigaralejo.jpg\" alt=\"\" class=\"wp-image-18422\" srcset=\"https:\/\/misviajes.rosaguijarro.com\/wp-content\/uploads\/2026\/03\/Museo-El-Cigaralejo.jpg 900w, https:\/\/misviajes.rosaguijarro.com\/wp-content\/uploads\/2026\/03\/Museo-El-Cigaralejo-300x200.jpg 300w, https:\/\/misviajes.rosaguijarro.com\/wp-content\/uploads\/2026\/03\/Museo-El-Cigaralejo-768x512.jpg 768w\" sizes=\"(max-width: 900px) 100vw, 900px\" \/><\/figure>\n<\/div>\n\n\n<p><\/p>\n\n\n\n<p>La Cultura Ib\u00e9rica se desarrolla entre los siglos V-I a.C., en el marco de la Edad del Hierro. Sus pueblos se organizan en tribus o ciudades-estado, con una cultura muy influenciada por griegos y fenicios. Practican el ritual funerario de&nbsp;incineraci\u00f3n en necr\u00f3polis&nbsp;y desarrollan de un arte y una escritura propios.<\/p>\n\n\n<div class=\"wp-block-image\">\n<figure class=\"aligncenter size-full\"><img loading=\"lazy\" decoding=\"async\" width=\"900\" height=\"622\" src=\"https:\/\/misviajes.rosaguijarro.com\/wp-content\/uploads\/2026\/03\/mapa-pueblos-prerromanos.jpg\" alt=\"\" class=\"wp-image-18420\" srcset=\"https:\/\/misviajes.rosaguijarro.com\/wp-content\/uploads\/2026\/03\/mapa-pueblos-prerromanos.jpg 900w, https:\/\/misviajes.rosaguijarro.com\/wp-content\/uploads\/2026\/03\/mapa-pueblos-prerromanos-300x207.jpg 300w, https:\/\/misviajes.rosaguijarro.com\/wp-content\/uploads\/2026\/03\/mapa-pueblos-prerromanos-768x531.jpg 768w\" sizes=\"(max-width: 900px) 100vw, 900px\" \/><\/figure>\n<\/div>\n\n\n<p><\/p>\n\n\n\n<p>El museo exhibe piezas del yacimiento \u00abEl Cigarralejo\u00bb, uno de los conjuntos arqueol\u00f3gicos ib\u00e9ricos m\u00e1s importantes de Espa\u00f1a, cuya relevancia radica en que es uno de los pocos lugares donde se conservan y se han podido estudiar las tres partes fundamentales de un asentamiento de este pueblo:<\/p>\n\n\n\n<ul class=\"wp-block-list\">\n<li><strong>El poblado:<\/strong>&nbsp;A\u00fan pendiente de excavar en su mayor\u00eda, pero se estima que pudo albergar a unos 250 habitantes&nbsp;<a href=\"https:\/\/ninos.kiddle.co\/Complejo_ib%C3%A9rico_de_El_Cigarralejo\" target=\"_blank\" rel=\"noreferrer noopener\"><\/a><a href=\"http:\/\/www.redjaen.es\/francis\/index.php?m=c&amp;o=142070&amp;letra=&amp;ord=&amp;id=142071\" target=\"_blank\" rel=\"noreferrer noopener\"><\/a>.<\/li>\n\n\n\n<li><strong>El santuario:<\/strong>&nbsp;Un edificio singular en la cima del cerro donde se han encontrado m\u00e1s de&nbsp;160 exvotos&nbsp;(ofrendas) de piedra con forma de caballos, que son una pieza clave para entender la artesan\u00eda y las creencias ib\u00e9ricas&nbsp;<a href=\"https:\/\/ninos.kiddle.co\/Complejo_ib%C3%A9rico_de_El_Cigarralejo\" target=\"_blank\" rel=\"noreferrer noopener\"><\/a><a href=\"http:\/\/www.redjaen.es\/francis\/index.php?m=c&amp;o=142070&amp;letra=&amp;ord=&amp;id=142071\" target=\"_blank\" rel=\"noreferrer noopener\"><\/a><a href=\"https:\/\/ecuadmin.ecured.cu\/Museo_de_Arte_Ib%C3%A9rico_El_Cigarralejo\" target=\"_blank\" rel=\"noreferrer noopener\"><\/a>.<\/li>\n<\/ul>\n\n\n<div class=\"wp-block-image\">\n<figure class=\"aligncenter size-full\"><img loading=\"lazy\" decoding=\"async\" width=\"900\" height=\"600\" src=\"https:\/\/misviajes.rosaguijarro.com\/wp-content\/uploads\/2026\/03\/Caballos.jpg\" alt=\"\" class=\"wp-image-18424\" srcset=\"https:\/\/misviajes.rosaguijarro.com\/wp-content\/uploads\/2026\/03\/Caballos.jpg 900w, https:\/\/misviajes.rosaguijarro.com\/wp-content\/uploads\/2026\/03\/Caballos-300x200.jpg 300w, https:\/\/misviajes.rosaguijarro.com\/wp-content\/uploads\/2026\/03\/Caballos-768x512.jpg 768w\" sizes=\"(max-width: 900px) 100vw, 900px\" \/><\/figure>\n<\/div>\n\n\n<p><\/p>\n\n\n\n<ul class=\"wp-block-list\">\n<li><strong>La necr\u00f3polis:<\/strong>&nbsp;Un cementerio con m\u00e1s de&nbsp;500 tumbas&nbsp;excavadas, cuyo ajuar (cer\u00e1micas griegas, armas, herramientas) se exhibe en el&nbsp;museo.<\/li>\n<\/ul>\n\n\n<div class=\"wp-block-image\">\n<figure class=\"aligncenter size-full\"><img loading=\"lazy\" decoding=\"async\" width=\"900\" height=\"624\" src=\"https:\/\/misviajes.rosaguijarro.com\/wp-content\/uploads\/2026\/03\/ceramica.jpg\" alt=\"\" class=\"wp-image-18426\" srcset=\"https:\/\/misviajes.rosaguijarro.com\/wp-content\/uploads\/2026\/03\/ceramica.jpg 900w, https:\/\/misviajes.rosaguijarro.com\/wp-content\/uploads\/2026\/03\/ceramica-300x208.jpg 300w, https:\/\/misviajes.rosaguijarro.com\/wp-content\/uploads\/2026\/03\/ceramica-768x532.jpg 768w\" sizes=\"(max-width: 900px) 100vw, 900px\" \/><\/figure>\n<\/div>\n\n\n<p><\/p>\n\n\n\n<p>Despu\u00e9s de comer, vamos a los Badlands de Gebas, un espectacular paisaje \u00e1rido de 2.271 hect\u00e1reas. Hace aproximadamente entre 5 y 7 millones de a\u00f1os (en el Mioceno superior), toda esta zona estaba sumergida bajo el mar, en cuyo fondo se depositaron los sedimentos que hoy vemos. El fondo marino qued\u00f3 al descubierto cuando el Mediterr\u00e1neo se desec\u00f3 parcialmente, hace entre 5,96 y 5,33 millones de a\u00f1os. Luego, el agua de la rambla de Algeciras fue erosionando estos sedimentos y formando las c\u00e1rcavas que vemos actualmente.<br><\/p>\n\n\n<div class=\"wp-block-image\">\n<figure class=\"aligncenter size-full\"><img loading=\"lazy\" decoding=\"async\" width=\"1000\" height=\"1004\" src=\"https:\/\/misviajes.rosaguijarro.com\/wp-content\/uploads\/2026\/03\/compo-Gebas.jpg\" alt=\"\" class=\"wp-image-18433\" srcset=\"https:\/\/misviajes.rosaguijarro.com\/wp-content\/uploads\/2026\/03\/compo-Gebas.jpg 1000w, https:\/\/misviajes.rosaguijarro.com\/wp-content\/uploads\/2026\/03\/compo-Gebas-300x300.jpg 300w, https:\/\/misviajes.rosaguijarro.com\/wp-content\/uploads\/2026\/03\/compo-Gebas-150x150.jpg 150w, https:\/\/misviajes.rosaguijarro.com\/wp-content\/uploads\/2026\/03\/compo-Gebas-768x771.jpg 768w\" sizes=\"(max-width: 1000px) 100vw, 1000px\" \/><\/figure>\n<\/div>\n\n\n<p><\/p>\n\n\n\n<p>Como todo est\u00e1 tan lleno llamo al c\u00e1mping Sierra Espu\u00f1a, en el que ya estuvimos en viajes anteriores, y tienen algunas plazas lbres. Pasamos all\u00ed la noche.<\/p>\n\n\n\n<p><strong>23 lunes<\/strong><\/p>\n\n\n\n<p>Despu\u00e9s de recibir consejos de Marijose y Carmen sobre visitar o&nbsp;no Lorca, decidimos que no y vamos a las gredas de Bolnuevo directamente.<\/p>\n\n\n\n<p>Desde la carretera vemos los badlans y ahora tambi\u00e9n la Rambla de Algeciras.<\/p>\n\n\n<div class=\"wp-block-image\">\n<figure class=\"aligncenter size-full\"><img loading=\"lazy\" decoding=\"async\" width=\"900\" height=\"589\" src=\"https:\/\/misviajes.rosaguijarro.com\/wp-content\/uploads\/2026\/03\/IMG_7603.jpg\" alt=\"\" class=\"wp-image-18440\" srcset=\"https:\/\/misviajes.rosaguijarro.com\/wp-content\/uploads\/2026\/03\/IMG_7603.jpg 900w, https:\/\/misviajes.rosaguijarro.com\/wp-content\/uploads\/2026\/03\/IMG_7603-300x196.jpg 300w, https:\/\/misviajes.rosaguijarro.com\/wp-content\/uploads\/2026\/03\/IMG_7603-768x503.jpg 768w\" sizes=\"(max-width: 900px) 100vw, 900px\" \/><\/figure>\n<\/div>\n\n\n<p><\/p>\n\n\n\n<p>Las Gredas de Bolnuevo son unas formaciones geol\u00f3gicas situadas junto a la playa. Su historia comienza hace unos&nbsp;4,5 o 5 millones de a\u00f1os, en el Plioceno. Se formaron cuando en el fondo del mar que cubr\u00eda esta zona se fueron depositando y compactando materiales como arenas, arcillas y limos que acabar\u00edan dando lugar a margas arenosas (las \u00abgredas\u00bb amarillas), areniscas y conglomerados. Millones de a\u00f1os despu\u00e9s se convirtieron en un acantilado y, tras una regresi\u00f3n marina, la acci\u00f3n del viento y el agua fue erosionando estos materiales de forma diferencial, pues no son todos igual de resistentes, dando lugar a las formas que vemos.<\/p>\n\n\n<div class=\"wp-block-image\">\n<figure class=\"aligncenter size-full\"><img loading=\"lazy\" decoding=\"async\" width=\"1000\" height=\"662\" src=\"https:\/\/misviajes.rosaguijarro.com\/wp-content\/uploads\/2026\/03\/compo-Gredas.jpg\" alt=\"\" class=\"wp-image-18443\" srcset=\"https:\/\/misviajes.rosaguijarro.com\/wp-content\/uploads\/2026\/03\/compo-Gredas.jpg 1000w, https:\/\/misviajes.rosaguijarro.com\/wp-content\/uploads\/2026\/03\/compo-Gredas-300x199.jpg 300w, https:\/\/misviajes.rosaguijarro.com\/wp-content\/uploads\/2026\/03\/compo-Gredas-768x508.jpg 768w\" sizes=\"(max-width: 1000px) 100vw, 1000px\" \/><\/figure>\n<\/div>\n\n\n<p><\/p>\n\n\n\n<p>Carmen nos manda un mensaje y dice que no dejemos de ver los restos de las minas de Mazarr\u00f3n. All\u00ed vamos.<\/p>\n\n\n\n<p>La historia de estas minas es larga. Los primeros en explotarlas a gran escala fueron los romanos entre los siglos II a.C. y II d.C. Buscaban principalmente&nbsp;plomo y plata. Adem\u00e1s de por sus productos, eran interesantes por su cercan\u00eda al mar y a&nbsp;<em>Carthago Nova<\/em>&nbsp;(Cartagena). M\u00e1s tarde fueron abandonadas, pero la miner\u00eda resurgi\u00f3 en el siglo XV con la explotaci\u00f3n del&nbsp;alumbre, un mineral esencial para los tintes de la industria textil y la medicina. En este momento se fund\u00f3 la propia villa de Mazarr\u00f3n y se construy\u00f3 el castillo. Pero fue a partir de los siglos XIX y XX, cuando se vivi\u00f3 el momento de m\u00e1ximo esplendor, entonces se extrajo sobre todo plomo y plata. La explotaci\u00f3n acab\u00f3 en 1969 debido al agotamiento de los recursos y a la ca\u00edda de los precios.<\/p>\n\n\n\n<p>Hace unos 7 millones de a\u00f1os, durante el&nbsp;Mioceno, esta zona fue escenario de una intensa actividad volc\u00e1nica&nbsp;<a href=\"https:\/\/matiasraja.es\/?p=3382\" target=\"_blank\" rel=\"noreferrer noopener\"><\/a>. El magma (roca fundida) ascendi\u00f3 desde las profundidades de la Tierra, pero no siempre en forma de espectaculares erupciones. Mientras el magma se enfriaba, liberaba enormes cantidades de fluidos calientes que aprovecharon las grietas y fracturas de las rocas volc\u00e1nicas, ya solidificadas, para abrirse paso, como el agua que busca rendijas en una roca. Al ascender, la temperatura y presi\u00f3n cambiaron, provocando que esos metales disueltos se \u00absolidificaran\u00bb y precipitaran, rellenando las grietas. As\u00ed es como se crearon los&nbsp;filones: vetas de plomo, zinc, hierro, plata. Una vez formados los filones, la erosi\u00f3n y el agua de lluvia, infiltr\u00e1ndose, oxid\u00f3 y alter\u00f3 los minerales originales en la superficie, creando una nueva familia de&nbsp;minerales secundarios&nbsp;que son los que dan al paisaje sus colores tan caracter\u00edsticos: \u00f3xidos de hierro, carbonato y sulfato de plomo, sulfato de aluminio y potasio, clave en la Edad Media para la obtenci\u00f3n del&nbsp;alumbre.&nbsp;<span style=\"font-size: inherit;\"><\/span><\/p>\n\n\n<div class=\"wp-block-image\">\n<figure class=\"aligncenter size-large is-resized\"><img loading=\"lazy\" decoding=\"async\" width=\"1038\" height=\"746\" src=\"https:\/\/misviajes.rosaguijarro.com\/wp-content\/uploads\/2026\/03\/compo-minas-1038x746.jpg\" alt=\"\" class=\"wp-image-18446\" style=\"width:1094px;height:auto\" srcset=\"https:\/\/misviajes.rosaguijarro.com\/wp-content\/uploads\/2026\/03\/compo-minas-1038x746.jpg 1038w, https:\/\/misviajes.rosaguijarro.com\/wp-content\/uploads\/2026\/03\/compo-minas-300x216.jpg 300w, https:\/\/misviajes.rosaguijarro.com\/wp-content\/uploads\/2026\/03\/compo-minas-768x552.jpg 768w, https:\/\/misviajes.rosaguijarro.com\/wp-content\/uploads\/2026\/03\/compo-minas.jpg 1200w\" sizes=\"(max-width: 1038px) 100vw, 1038px\" \/><\/figure>\n<\/div>\n\n\n<p><\/p>\n\n\n\n<p>Volvemos a comer a Bolnuevo. Habiendo visto como est\u00e1 el panorama busco donde dormir, llamo a varias \u00e1reas y est\u00e1 todo lleno o no contestan. Decidimos cambiar de planes y no ir a la ciudad de Murcia, empezaremos la vuelta a casa. Est\u00e1 todo lleno de autocaravanas de gente que ha venido a pasar el invierno. Decidimos ir a un parking muy grande en la zona de San Javier. pero tenemos que vaciar negras antes para mayor tranquilidad. Paramos en el&nbsp;\u00c1rea de Descanso para Autocaravanas Los Alc\u00e1zares y resulta que hay plazas vac\u00edas, es pronto. Decidimos quedarnos aqu\u00ed a pasar la noche. Estando ya en el \u00e1rea de Los Alc\u00e1zares, suena el tel\u00e9fono: llaman de&nbsp;\u00c1rea Camper Murcia R\u00edo porque tienen una llamada perdida m\u00eda. Me dicen que tienen sitio para esta noche, pero como ya estamos situados, les digo que prefiero reservar para ma\u00f1ana. As\u00ed que, al final ma\u00f1ana s\u00ed que iremos a Murcia.<\/p>\n\n\n\n<p><strong>24 martes<\/strong><\/p>\n\n\n\n<p>Salimos en direcci\u00f3n Murcia. Paramos a comprar y llegamos al \u00e1rea a eso de las 11. Nos instalamos. Llamamos a un Uber y vamos directamente al Museo Salzillo. A pesar de haber estado al menos dos veces en esta ciudad, no he visto este nunca museo.<\/p>\n\n\n\n<p>Francisco Salzillo, hijo de un escultor italiano, naci\u00f3 y vivi\u00f3 toda su vida en Murcia. Se dedic\u00f3 completamente a la escultura y es uno de los grandes imagineros. Las esculturas en madera policromada tienen una larga tradici\u00f3n en Espa\u00f1a; muchas de ellas forman parte de los pasos de Semana Santa. Durante los siglos XVI y XVII hubo grandes figuras en este arte. Salzillo nace a principios del XVIII. Su obra es barroca en una primera etapa, pero en su etapa de madurez desarrolla un estilo m\u00e1s personal en el que se aprecia una mayor delicadeza, elegancia y una sensibilidad m\u00e1s acorde a la est\u00e9tica rococ\u00f3. En sus \u00faltimos a\u00f1os, su obra adopta formas que anuncian el Neocl\u00e1sico. La obra de Salzillo destaca por la expresi\u00f3n de los rostros y las manos.<\/p>\n\n\n<div class=\"wp-block-image\">\n<figure class=\"aligncenter size-full\"><img loading=\"lazy\" decoding=\"async\" width=\"1000\" height=\"668\" src=\"https:\/\/misviajes.rosaguijarro.com\/wp-content\/uploads\/2026\/03\/compo-Salzillo.jpg\" alt=\"\" class=\"wp-image-18452\" srcset=\"https:\/\/misviajes.rosaguijarro.com\/wp-content\/uploads\/2026\/03\/compo-Salzillo.jpg 1000w, https:\/\/misviajes.rosaguijarro.com\/wp-content\/uploads\/2026\/03\/compo-Salzillo-300x200.jpg 300w, https:\/\/misviajes.rosaguijarro.com\/wp-content\/uploads\/2026\/03\/compo-Salzillo-768x513.jpg 768w\" sizes=\"(max-width: 1000px) 100vw, 1000px\" \/><\/figure>\n<\/div>\n\n\n<p><\/p>\n\n\n\n<p>En el Museo hay dos belenes: uno es obra de Salzillo con 556 figuras; el otro es un espectacular Bel\u00e9n Napolitano del siglo XVIII, con 600 figuras y esas escenas costumbristas llenas de peque\u00f1os detalles.<\/p>\n\n\n<div class=\"wp-block-image\">\n<figure class=\"aligncenter size-large\"><img loading=\"lazy\" decoding=\"async\" width=\"717\" height=\"1038\" src=\"https:\/\/misviajes.rosaguijarro.com\/wp-content\/uploads\/2026\/03\/compo-Belen-717x1038.jpg\" alt=\"\" class=\"wp-image-18453\" srcset=\"https:\/\/misviajes.rosaguijarro.com\/wp-content\/uploads\/2026\/03\/compo-Belen-717x1038.jpg 717w, https:\/\/misviajes.rosaguijarro.com\/wp-content\/uploads\/2026\/03\/compo-Belen-207x300.jpg 207w, https:\/\/misviajes.rosaguijarro.com\/wp-content\/uploads\/2026\/03\/compo-Belen-768x1111.jpg 768w, https:\/\/misviajes.rosaguijarro.com\/wp-content\/uploads\/2026\/03\/compo-Belen.jpg 893w\" sizes=\"(max-width: 717px) 100vw, 717px\" \/><\/figure>\n<\/div>\n\n\n<p><\/p>\n\n\n\n<p>La verdad es que escultura barroca policromada no es lo que m\u00e1s me gusta, pero merece la pena visitar el Museo y disfrutar la obra de Salzillo. Otra opci\u00f3n ser\u00eda acudir a la procesi\u00f3n de Semana Santa. <\/p>\n\n\n\n<p>La intenci\u00f3n era ir al Museo Arqueol\u00f3gico, pero cierran a las 2 y no abren hasta las 5. As\u00ed que paseamos un poco para ir a coger un autob\u00fas y volver al \u00e1rea. De repente, oigo una voz que dice: \u00ab\u00bfPero qu\u00e9 haces t\u00fa paseando por mi barrio?\u00bb Es Luis, un amigo de toda la vida de mi pueblo que hace a\u00f1os que vive en esta ciudad. Despu\u00e9s de disculparme por no haberle avisado de que andaba por la zona, nos quedamos con \u00e9l tomando un vinito y charlando. <\/p>\n\n\n\n<p>A Joan le duele la espalda, hace d\u00edas que anda con lumbago; as\u00ed que llamamos a otro Uber y volvemos al \u00e1rea. Comemos. Hace mucho calor, se me cierran los ojos. Hago una visita virtual al MAM y decido que es casi lo mismo que ya hemos visto en todos los museos que hemos visitado. Nos quedamos descansando a resguardo del calor y reservo en el c\u00e1mping de Alcal\u00e1 de Xivert para ma\u00f1ana.<\/p>\n\n\n\n<p><strong>25 mi\u00e9rcoles<\/strong><\/p>\n\n\n\n<p>Salimos hacia Alcal\u00e1 de Xivert. Cuando llegamos resulta que la plaza es una de las que est\u00e1 a la entrada del c\u00e1mping, lejos de los ba\u00f1os. No me interesa, pero no queda ninguna m\u00e1s y hay gente esperando. Renunciamos a la plaza. Es pronto, nos da tiempo a ir al \u00e1rea de autocaravanas de Ginestar. Ya hemos dormido en ella varias veces, nos gusta mucho. Es muy tranquila, s\u00f3lo tiene 4 plazas, y est\u00e1 muy cerca del centro del pueblo. Salimos a cenar, pero el restaurante al que solemos ir cierra hoy. Vamos al bar del sindicato a comer un<em> pa amb tom\u00e0quet<\/em> con buenos embutidos.<\/p>\n\n\n\n<p><strong>26 jueves<\/strong><\/p>\n\n\n\n<p>Salimos con mucha tranquilidad, estamos muy cerca de casa. Y as\u00ed acaba el periplo por Murcia.<\/p>\n\n\n\n<p>Tengo que a\u00f1adir que me ha gustado mucho. Iba a ver campos de flores y algo de \u00edberos, y resulta que hemos hecho un viaje por la Historia desde el Mioceno hasta el siglo XV (o XVIII, si tenemos en cuenta a Salzillo). Murcia ofrece mucho; vuelvo con una larga lista de cosas que ver. Hemos visitado museos muy interesantes, pero nos faltan algunos. No he visto ninguno de los numerosos yacimientos arqueol\u00f3gicos que hay. He descubierto que hay varias rutas geol\u00f3gicas por recorrer; no sab\u00eda que hubo una intensa actividad volc\u00e1nica de la que quedan numerosos restos. Tampoco hemos ido a fotografiar aves. En fin, que me ha gustado mucho el viaje, vuelvo con mucho que leer y todav\u00eda me queda tanto por conocer que podr\u00eda volver a Murcia sin repetir el mismo viaje. Una gran regi\u00f3n, y a\u00fan desconocida para muchos.<\/p>\n\n\n\n<p>Y, como siempre, un mapa para acabar<\/p>\n\n\n<div class=\"wp-block-image\">\n<figure class=\"aligncenter size-full\"><a href=\"https:\/\/www.google.com\/maps\/d\/u\/0\/edit?mid=1PKTTo2C7XkMzJ6AcLW1V_mz9mKec8ZI&amp;usp=sharing\"><img loading=\"lazy\" decoding=\"async\" width=\"900\" height=\"466\" src=\"https:\/\/misviajes.rosaguijarro.com\/wp-content\/uploads\/2026\/03\/mapa.jpg\" alt=\"\" class=\"wp-image-18457\" srcset=\"https:\/\/misviajes.rosaguijarro.com\/wp-content\/uploads\/2026\/03\/mapa.jpg 900w, https:\/\/misviajes.rosaguijarro.com\/wp-content\/uploads\/2026\/03\/mapa-300x155.jpg 300w, https:\/\/misviajes.rosaguijarro.com\/wp-content\/uploads\/2026\/03\/mapa-768x398.jpg 768w\" sizes=\"(max-width: 900px) 100vw, 900px\" \/><\/a><figcaption class=\"wp-element-caption\">Screenshot<\/figcaption><\/figure>\n<\/div>","protected":false},"excerpt":{"rendered":"<p>Llega febrero y nos entran ganas de salir de viaje, pero llevamos semanas de lluvia. Nos sentimos como el loro del chiste, s\u00ed, ese que pregunta c\u00f3mo saber si un loro es macho o hembra. El destino pensado para la excursi\u00f3n de este febrero era Badajoz, pero el tren de borrascas que hemos sufrido nos &#8230; <a title=\"Murcia: Historia y flores (febrero 2026)\" class=\"read-more\" href=\"https:\/\/misviajes.rosaguijarro.com\/index.php\/murcia-historia-y-flores-febrero-2026\/\" aria-label=\"Leer m\u00e1s sobre Murcia: Historia y flores (febrero 2026)\">Leer m\u00e1s<\/a><\/p>\n","protected":false},"author":2,"featured_media":0,"parent":0,"menu_order":0,"comment_status":"closed","ping_status":"closed","template":"","meta":{"iawp_total_views":19,"footnotes":""},"class_list":["post-18297","page","type-page","status-publish"],"_links":{"self":[{"href":"https:\/\/misviajes.rosaguijarro.com\/index.php\/wp-json\/wp\/v2\/pages\/18297","targetHints":{"allow":["GET"]}}],"collection":[{"href":"https:\/\/misviajes.rosaguijarro.com\/index.php\/wp-json\/wp\/v2\/pages"}],"about":[{"href":"https:\/\/misviajes.rosaguijarro.com\/index.php\/wp-json\/wp\/v2\/types\/page"}],"author":[{"embeddable":true,"href":"https:\/\/misviajes.rosaguijarro.com\/index.php\/wp-json\/wp\/v2\/users\/2"}],"replies":[{"embeddable":true,"href":"https:\/\/misviajes.rosaguijarro.com\/index.php\/wp-json\/wp\/v2\/comments?post=18297"}],"version-history":[{"count":140,"href":"https:\/\/misviajes.rosaguijarro.com\/index.php\/wp-json\/wp\/v2\/pages\/18297\/revisions"}],"predecessor-version":[{"id":18487,"href":"https:\/\/misviajes.rosaguijarro.com\/index.php\/wp-json\/wp\/v2\/pages\/18297\/revisions\/18487"}],"wp:attachment":[{"href":"https:\/\/misviajes.rosaguijarro.com\/index.php\/wp-json\/wp\/v2\/media?parent=18297"}],"curies":[{"name":"wp","href":"https:\/\/api.w.org\/{rel}","templated":true}]}}